{"id":264,"date":"2023-03-29T13:03:28","date_gmt":"2023-03-29T13:03:28","guid":{"rendered":"https:\/\/www.fireadapt.eu\/about\/"},"modified":"2024-06-03T10:41:35","modified_gmt":"2024-06-03T10:41:35","slug":"proyecto","status":"publish","type":"page","link":"https:\/\/www.fireadapt.eu\/es\/proyecto\/","title":{"rendered":"Proyecto"},"content":{"rendered":"\t\t<div data-elementor-type=\"wp-page\" data-elementor-id=\"264\" class=\"elementor elementor-264\" data-elementor-post-type=\"page\">\n\t\t\t\t\t\t\t\t\t<section class=\"elementor-section elementor-top-section elementor-element elementor-element-784e848 elementor-section-height-min-height elementor-section-content-middle elementor-section-boxed elementor-section-height-default elementor-section-items-middle\" data-id=\"784e848\" data-element_type=\"section\">\n\t\t\t\t\t\t<div class=\"elementor-container elementor-column-gap-no\">\n\t\t\t\t\t<div class=\"elementor-column elementor-col-100 elementor-top-column elementor-element elementor-element-ddee9a4\" data-id=\"ddee9a4\" data-element_type=\"column\" data-settings=\"{&quot;background_background&quot;:&quot;classic&quot;}\">\n\t\t\t<div class=\"elementor-widget-wrap elementor-element-populated\">\n\t\t\t\t\t\t\t\t<div class=\"elementor-element elementor-element-cf66900 elementor-widget elementor-widget-theme-post-title elementor-page-title elementor-widget-heading\" data-id=\"cf66900\" data-element_type=\"widget\" data-widget_type=\"theme-post-title.default\">\n\t\t\t\t<div class=\"elementor-widget-container\">\n\t\t\t<style>\/*! elementor - v3.18.0 - 20-12-2023 *\/\n.elementor-heading-title{padding:0;margin:0;line-height:1}.elementor-widget-heading .elementor-heading-title[class*=elementor-size-]>a{color:inherit;font-size:inherit;line-height:inherit}.elementor-widget-heading .elementor-heading-title.elementor-size-small{font-size:15px}.elementor-widget-heading .elementor-heading-title.elementor-size-medium{font-size:19px}.elementor-widget-heading .elementor-heading-title.elementor-size-large{font-size:29px}.elementor-widget-heading .elementor-heading-title.elementor-size-xl{font-size:39px}.elementor-widget-heading .elementor-heading-title.elementor-size-xxl{font-size:59px}<\/style><h1 class=\"elementor-heading-title elementor-size-default\">Proyecto<\/h1>\t\t<\/div>\n\t\t\t\t<\/div>\n\t\t\t\t\t<\/div>\n\t\t<\/div>\n\t\t\t\t\t\t\t<\/div>\n\t\t<\/section>\n\t\t\t\t<section class=\"elementor-section elementor-top-section elementor-element elementor-element-4161be1 elementor-section-boxed elementor-section-height-default elementor-section-height-default\" data-id=\"4161be1\" data-element_type=\"section\">\n\t\t\t\t\t\t<div class=\"elementor-container elementor-column-gap-default\">\n\t\t\t\t\t<div class=\"elementor-column elementor-col-100 elementor-top-column elementor-element elementor-element-097bf6f\" data-id=\"097bf6f\" data-element_type=\"column\">\n\t\t\t<div class=\"elementor-widget-wrap elementor-element-populated\">\n\t\t\t\t\t\t\t\t<section class=\"elementor-section elementor-inner-section elementor-element elementor-element-e2bd1ec elementor-section-full_width elementor-section-content-top elementor-section-height-default elementor-section-height-default\" data-id=\"e2bd1ec\" data-element_type=\"section\">\n\t\t\t\t\t\t<div class=\"elementor-container elementor-column-gap-no\">\n\t\t\t\t\t<div class=\"elementor-column elementor-col-50 elementor-inner-column elementor-element elementor-element-b27900c\" data-id=\"b27900c\" data-element_type=\"column\" data-settings=\"{&quot;background_background&quot;:&quot;classic&quot;,&quot;animation_tablet&quot;:&quot;none&quot;}\">\n\t\t\t<div class=\"elementor-widget-wrap elementor-element-populated\">\n\t\t\t\t\t\t\t\t<div class=\"elementor-element elementor-element-2be712e elementor-widget elementor-widget-text-editor\" data-id=\"2be712e\" data-element_type=\"widget\" data-settings=\"{&quot;_animation_tablet&quot;:&quot;none&quot;}\" data-widget_type=\"text-editor.default\">\n\t\t\t\t<div class=\"elementor-widget-container\">\n\t\t\t<style>\/*! elementor - v3.18.0 - 20-12-2023 *\/\n.elementor-widget-text-editor.elementor-drop-cap-view-stacked .elementor-drop-cap{background-color:#69727d;color:#fff}.elementor-widget-text-editor.elementor-drop-cap-view-framed .elementor-drop-cap{color:#69727d;border:3px solid;background-color:transparent}.elementor-widget-text-editor:not(.elementor-drop-cap-view-default) .elementor-drop-cap{margin-top:8px}.elementor-widget-text-editor:not(.elementor-drop-cap-view-default) .elementor-drop-cap-letter{width:1em;height:1em}.elementor-widget-text-editor .elementor-drop-cap{float:left;text-align:center;line-height:1;font-size:50px}.elementor-widget-text-editor .elementor-drop-cap-letter{display:inline-block}<\/style>\t\t\t\t<p><span style=\"font-weight: 400;\">FIRE-ADAPT es un proyecto financiado por el programa Marie Sk\u0142odowska-Curie Actions Staff Exchanges 2021 dentro del programa de financiaci\u00f3n Horizon Europe de la Uni\u00f3n Europea (HORIZON-MSCA-2021-SE).\u00a0<\/span><\/p><p><span style=\"font-weight: 400;\">N\u00famero de proyecto: <\/span><span style=\"background-color: var( --e-global-color-3df9f67 );\"><a href=\"https:\/\/cordis.europa.eu\/project\/id\/101086416\" target=\"_blank\" rel=\"noopener\">101086416<\/a>.<\/span><\/p>\t\t\t\t\t\t<\/div>\n\t\t\t\t<\/div>\n\t\t\t\t<div class=\"elementor-element elementor-element-c092cdf elementor-widget elementor-widget-heading\" data-id=\"c092cdf\" data-element_type=\"widget\" data-settings=\"{&quot;_animation_tablet&quot;:&quot;none&quot;}\" data-widget_type=\"heading.default\">\n\t\t\t\t<div class=\"elementor-widget-container\">\n\t\t\t<h4 class=\"elementor-heading-title elementor-size-default\">Duraci\u00f3n<\/h4>\t\t<\/div>\n\t\t\t\t<\/div>\n\t\t\t\t<div class=\"elementor-element elementor-element-20f2e78 elementor-widget elementor-widget-text-editor\" data-id=\"20f2e78\" data-element_type=\"widget\" data-settings=\"{&quot;_animation_tablet&quot;:&quot;none&quot;}\" data-widget_type=\"text-editor.default\">\n\t\t\t\t<div class=\"elementor-widget-container\">\n\t\t\t\t\t\t\t<p><span style=\"font-weight: 400;\">1 enero 2023 a 31 diciembre 2026<\/span><\/p>\t\t\t\t\t\t<\/div>\n\t\t\t\t<\/div>\n\t\t\t\t<div class=\"elementor-element elementor-element-5c2b027 elementor-widget elementor-widget-heading\" data-id=\"5c2b027\" data-element_type=\"widget\" data-settings=\"{&quot;_animation_tablet&quot;:&quot;none&quot;}\" data-widget_type=\"heading.default\">\n\t\t\t\t<div class=\"elementor-widget-container\">\n\t\t\t<h4 class=\"elementor-heading-title elementor-size-default\">Coordinadora del proyecto<\/h4>\t\t<\/div>\n\t\t\t\t<\/div>\n\t\t\t\t<div class=\"elementor-element elementor-element-80365f6 elementor-widget elementor-widget-text-editor\" data-id=\"80365f6\" data-element_type=\"widget\" data-settings=\"{&quot;_animation_tablet&quot;:&quot;none&quot;}\" data-widget_type=\"text-editor.default\">\n\t\t\t\t<div class=\"elementor-widget-container\">\n\t\t\t\t\t\t\t<p><a href=\"https:\/\/www.paucostafoundation.org\/en\/executive-team\/\"><span style=\"font-weight: 400;\">N\u00faria Prat<\/span><\/a><span style=\"font-weight: 400;\">, Fundaci\u00f3n Pau Costa, Espa\u00f1a<\/span><\/p>\t\t\t\t\t\t<\/div>\n\t\t\t\t<\/div>\n\t\t\t\t<div class=\"elementor-element elementor-element-eb0afc5 elementor-widget elementor-widget-heading\" data-id=\"eb0afc5\" data-element_type=\"widget\" data-settings=\"{&quot;_animation_tablet&quot;:&quot;none&quot;}\" data-widget_type=\"heading.default\">\n\t\t\t\t<div class=\"elementor-widget-container\">\n\t\t\t<h4 class=\"elementor-heading-title elementor-size-default\">Coodinadora cient\u00edfica<\/h4>\t\t<\/div>\n\t\t\t\t<\/div>\n\t\t\t\t<div class=\"elementor-element elementor-element-f441383 elementor-widget elementor-widget-text-editor\" data-id=\"f441383\" data-element_type=\"widget\" data-settings=\"{&quot;_animation_tablet&quot;:&quot;none&quot;}\" data-widget_type=\"text-editor.default\">\n\t\t\t\t<div class=\"elementor-widget-container\">\n\t\t\t\t\t\t\t<p><a href=\"https:\/\/amap.cirad.fr\/en\/annuaire2.php?lettre=O\"><span style=\"font-weight: 400;\">Imma Oliveras<\/span><\/a><span style=\"font-weight: 400;\">, botAnique et Mod\u00e9lisation de l&#8217;Architecture des Plantes et des v\u00e9g\u00e9tations, Institut de Recherche pour le D\u00e9veloppement, Francia<\/span><\/p>\t\t\t\t\t\t<\/div>\n\t\t\t\t<\/div>\n\t\t\t\t\t<\/div>\n\t\t<\/div>\n\t\t\t\t<div class=\"elementor-column elementor-col-50 elementor-inner-column elementor-element elementor-element-1d81762\" data-id=\"1d81762\" data-element_type=\"column\" data-settings=\"{&quot;background_background&quot;:&quot;classic&quot;}\">\n\t\t\t<div class=\"elementor-widget-wrap elementor-element-populated\">\n\t\t\t\t\t\t\t\t<div class=\"elementor-element elementor-element-228ad09 elementor-widget elementor-widget-spacer\" data-id=\"228ad09\" data-element_type=\"widget\" data-widget_type=\"spacer.default\">\n\t\t\t\t<div class=\"elementor-widget-container\">\n\t\t\t<style>\/*! elementor - v3.18.0 - 20-12-2023 *\/\n.elementor-column .elementor-spacer-inner{height:var(--spacer-size)}.e-con{--container-widget-width:100%}.e-con-inner>.elementor-widget-spacer,.e-con>.elementor-widget-spacer{width:var(--container-widget-width,var(--spacer-size));--align-self:var(--container-widget-align-self,initial);--flex-shrink:0}.e-con-inner>.elementor-widget-spacer>.elementor-widget-container,.e-con>.elementor-widget-spacer>.elementor-widget-container{height:100%;width:100%}.e-con-inner>.elementor-widget-spacer>.elementor-widget-container>.elementor-spacer,.e-con>.elementor-widget-spacer>.elementor-widget-container>.elementor-spacer{height:100%}.e-con-inner>.elementor-widget-spacer>.elementor-widget-container>.elementor-spacer>.elementor-spacer-inner,.e-con>.elementor-widget-spacer>.elementor-widget-container>.elementor-spacer>.elementor-spacer-inner{height:var(--container-widget-height,var(--spacer-size))}.e-con-inner>.elementor-widget-spacer.elementor-widget-empty,.e-con>.elementor-widget-spacer.elementor-widget-empty{position:relative;min-height:22px;min-width:22px}.e-con-inner>.elementor-widget-spacer.elementor-widget-empty .elementor-widget-empty-icon,.e-con>.elementor-widget-spacer.elementor-widget-empty .elementor-widget-empty-icon{position:absolute;top:0;bottom:0;left:0;right:0;margin:auto;padding:0;width:22px;height:22px}<\/style>\t\t<div class=\"elementor-spacer\">\n\t\t\t<div class=\"elementor-spacer-inner\"><\/div>\n\t\t<\/div>\n\t\t\t\t<\/div>\n\t\t\t\t<\/div>\n\t\t\t\t\t<\/div>\n\t\t<\/div>\n\t\t\t\t\t\t\t<\/div>\n\t\t<\/section>\n\t\t\t\t<section class=\"elementor-section elementor-inner-section elementor-element elementor-element-072a5ce elementor-section-full_width elementor-section-content-top elementor-section-height-default elementor-section-height-default\" data-id=\"072a5ce\" data-element_type=\"section\">\n\t\t\t\t\t\t<div class=\"elementor-container elementor-column-gap-no\">\n\t\t\t\t\t<div class=\"elementor-column elementor-col-50 elementor-inner-column elementor-element elementor-element-511d763\" data-id=\"511d763\" data-element_type=\"column\" data-settings=\"{&quot;background_background&quot;:&quot;classic&quot;,&quot;animation_tablet&quot;:&quot;none&quot;}\">\n\t\t\t<div class=\"elementor-widget-wrap elementor-element-populated\">\n\t\t\t\t\t\t\t\t<div class=\"elementor-element elementor-element-bb69aac elementor-widget elementor-widget-heading\" data-id=\"bb69aac\" data-element_type=\"widget\" data-settings=\"{&quot;_animation_tablet&quot;:&quot;none&quot;}\" data-widget_type=\"heading.default\">\n\t\t\t\t<div class=\"elementor-widget-container\">\n\t\t\t<h4 class=\"elementor-heading-title elementor-size-default\">Objetivo general<\/h4>\t\t<\/div>\n\t\t\t\t<\/div>\n\t\t\t\t<div class=\"elementor-element elementor-element-37f2c89 elementor-widget elementor-widget-text-editor\" data-id=\"37f2c89\" data-element_type=\"widget\" data-settings=\"{&quot;_animation_tablet&quot;:&quot;none&quot;}\" data-widget_type=\"text-editor.default\">\n\t\t\t\t<div class=\"elementor-widget-container\">\n\t\t\t\t\t\t\t<p>Cuantificar, monitorear y evaluar el impacto del Manejo Integral del Fuego (MIF) sobre la din\u00e1mica del carbono, la biodiversidad y los servicios ecosist\u00e9micos culturales en diferentes regiones tropicales y subtropicales con reg\u00edmenes de incendios alterados.<\/p>\t\t\t\t\t\t<\/div>\n\t\t\t\t<\/div>\n\t\t\t\t\t<\/div>\n\t\t<\/div>\n\t\t\t\t<div class=\"elementor-column elementor-col-50 elementor-inner-column elementor-element elementor-element-07ad931\" data-id=\"07ad931\" data-element_type=\"column\" data-settings=\"{&quot;background_background&quot;:&quot;classic&quot;,&quot;animation_tablet&quot;:&quot;none&quot;}\">\n\t\t\t<div class=\"elementor-widget-wrap elementor-element-populated\">\n\t\t\t\t\t\t\t\t<div class=\"elementor-element elementor-element-fff8b02 elementor-widget elementor-widget-heading\" data-id=\"fff8b02\" data-element_type=\"widget\" data-settings=\"{&quot;_animation_tablet&quot;:&quot;none&quot;}\" data-widget_type=\"heading.default\">\n\t\t\t\t<div class=\"elementor-widget-container\">\n\t\t\t<h4 class=\"elementor-heading-title elementor-size-default\">Objetivos espec\u00edficos<\/h4>\t\t<\/div>\n\t\t\t\t<\/div>\n\t\t\t\t<div class=\"elementor-element elementor-element-1d68089 elementor-widget elementor-widget-text-editor\" data-id=\"1d68089\" data-element_type=\"widget\" data-settings=\"{&quot;_animation_tablet&quot;:&quot;none&quot;}\" data-widget_type=\"text-editor.default\">\n\t\t\t\t<div class=\"elementor-widget-container\">\n\t\t\t\t\t\t\t<ol><li style=\"font-weight: 400;\" aria-level=\"1\"><span style=\"font-weight: 400;\">Desarrollo de<\/span><b> una red internacional FIRE-ADAPT de intercambio de conocimiento<\/b><span style=\"font-weight: 400;\">, reuniendo a un grupo clave de investigadores, agencias de gesti\u00f3n de incendios forestales y organizaciones sin \u00e1nimo de lucro.<\/span><\/li><li style=\"font-weight: 400;\" aria-level=\"1\"><span style=\"font-weight: 400;\">Proveer<\/span><b> evidencia cient\u00edfica<\/b><span style=\"font-weight: 400;\"> de las<\/span><b> necesidades e impactos potenciales del IFM en las din\u00e1micas ecol\u00f3gicas y sociales<\/b><span style=\"font-weight: 400;\"> de regiones (sub)tropicales.<\/span><\/li><li style=\"font-weight: 400;\" aria-level=\"1\"><b>Compartir e integrar enfoques y conocimiento <\/b><span style=\"font-weight: 400;\">entre cient\u00edficos, profesionales y la sociedad en general para evaluar el IFM.<\/span><\/li><li style=\"font-weight: 400;\" aria-level=\"1\"><b>Desarrollar metodolog\u00edas compartidas <\/b><span style=\"font-weight: 400;\">para planificar y ejecutar pr\u00e1cticas de IFM y supervisar su eficacia en el mantenimiento de los servicios de los ecosistemas, el bienestar humano y la reducci\u00f3n del riesgo de incendios.<\/span><\/li><li style=\"font-weight: 400;\" aria-level=\"1\"><b>Mejorar las perspectivas profesionales de los cient\u00edficos junior.<\/b><\/li><\/ol>\t\t\t\t\t\t<\/div>\n\t\t\t\t<\/div>\n\t\t\t\t\t<\/div>\n\t\t<\/div>\n\t\t\t\t\t\t\t<\/div>\n\t\t<\/section>\n\t\t\t\t<section class=\"elementor-section elementor-inner-section elementor-element elementor-element-30c4357 elementor-section-full_width elementor-section-content-top elementor-section-height-default elementor-section-height-default\" data-id=\"30c4357\" data-element_type=\"section\">\n\t\t\t\t\t\t<div class=\"elementor-container elementor-column-gap-no\">\n\t\t\t\t\t<div class=\"elementor-column elementor-col-50 elementor-inner-column elementor-element elementor-element-2af0ac1\" data-id=\"2af0ac1\" data-element_type=\"column\" data-settings=\"{&quot;background_background&quot;:&quot;classic&quot;,&quot;animation_tablet&quot;:&quot;none&quot;}\">\n\t\t\t<div class=\"elementor-widget-wrap elementor-element-populated\">\n\t\t\t\t\t\t\t\t<div class=\"elementor-element elementor-element-bb525af elementor-widget elementor-widget-heading\" data-id=\"bb525af\" data-element_type=\"widget\" data-settings=\"{&quot;_animation_tablet&quot;:&quot;none&quot;}\" data-widget_type=\"heading.default\">\n\t\t\t\t<div class=\"elementor-widget-container\">\n\t\t\t<h4 class=\"elementor-heading-title elementor-size-default\">Study hubs<\/h4>\t\t<\/div>\n\t\t\t\t<\/div>\n\t\t\t\t<div class=\"elementor-element elementor-element-683d2cc elementor-widget elementor-widget-text-editor\" data-id=\"683d2cc\" data-element_type=\"widget\" data-settings=\"{&quot;_animation_tablet&quot;:&quot;none&quot;}\" data-widget_type=\"text-editor.default\">\n\t\t\t\t<div class=\"elementor-widget-container\">\n\t\t\t\t\t\t\t<p>Una o varias regiones dentro de un pa\u00eds donde se llevan a cabo actividades, estancias de trabajo (<em>secondments<\/em>), reuniones de<em> networking<\/em> e intercambios intersectoriales e interdisciplinarios de FIRE-ADAPT. Hay seis Study Hubs: Espa\u00f1a, M\u00e9xico, Brasil, Francia, Argentina e Italia.<\/p><p><span style=\"font-weight: 400;\">M\u00e1s informaci\u00f3n sobre los Study Hubs\u00a0<a href=\"https:\/\/www.fireadapt.eu\/es\/study-hubs\/\">aqu\u00ed<\/a>.<\/span><\/p>\t\t\t\t\t\t<\/div>\n\t\t\t\t<\/div>\n\t\t\t\t\t<\/div>\n\t\t<\/div>\n\t\t\t\t<div class=\"elementor-column elementor-col-50 elementor-inner-column elementor-element elementor-element-c353a76\" data-id=\"c353a76\" data-element_type=\"column\" data-settings=\"{&quot;background_background&quot;:&quot;classic&quot;,&quot;animation_tablet&quot;:&quot;none&quot;}\">\n\t\t\t<div class=\"elementor-widget-wrap elementor-element-populated\">\n\t\t\t\t\t\t\t\t<div class=\"elementor-element elementor-element-9f37736 elementor-widget elementor-widget-heading\" data-id=\"9f37736\" data-element_type=\"widget\" data-settings=\"{&quot;_animation_tablet&quot;:&quot;none&quot;}\" data-widget_type=\"heading.default\">\n\t\t\t\t<div class=\"elementor-widget-container\">\n\t\t\t<h4 class=\"elementor-heading-title elementor-size-default\">Secondments<\/h4>\t\t<\/div>\n\t\t\t\t<\/div>\n\t\t\t\t<div class=\"elementor-element elementor-element-4ed36ac elementor-widget elementor-widget-text-editor\" data-id=\"4ed36ac\" data-element_type=\"widget\" data-settings=\"{&quot;_animation_tablet&quot;:&quot;none&quot;}\" data-widget_type=\"text-editor.default\">\n\t\t\t\t<div class=\"elementor-widget-container\">\n\t\t\t\t\t\t\t<p>Estancias de investigadores, gestores y operativos de FIRE-ADAPT en organizaciones socias para formarse, intercambiar conocimientos, hacer red de contactos y contribuir a los recursos que FIRE-ADAPT est\u00e1 comprometido a producir.\u00a0\u00a0\u00a0\u00a0\u00a0<\/p>\t\t\t\t\t\t<\/div>\n\t\t\t\t<\/div>\n\t\t\t\t\t<\/div>\n\t\t<\/div>\n\t\t\t\t\t\t\t<\/div>\n\t\t<\/section>\n\t\t\t\t<section class=\"elementor-section elementor-inner-section elementor-element elementor-element-c06a63b elementor-section-full_width elementor-section-content-top elementor-section-height-default elementor-section-height-default\" data-id=\"c06a63b\" data-element_type=\"section\" data-settings=\"{&quot;background_background&quot;:&quot;classic&quot;}\">\n\t\t\t\t\t\t<div class=\"elementor-container elementor-column-gap-no\">\n\t\t\t\t\t<div class=\"elementor-column elementor-col-100 elementor-inner-column elementor-element elementor-element-af4f1ce\" data-id=\"af4f1ce\" data-element_type=\"column\" data-settings=\"{&quot;background_background&quot;:&quot;classic&quot;,&quot;animation_tablet&quot;:&quot;none&quot;}\">\n\t\t\t<div class=\"elementor-widget-wrap elementor-element-populated\">\n\t\t\t\t\t\t\t\t<div class=\"elementor-element elementor-element-163677e elementor-widget elementor-widget-heading\" data-id=\"163677e\" data-element_type=\"widget\" data-settings=\"{&quot;_animation_tablet&quot;:&quot;none&quot;}\" data-widget_type=\"heading.default\">\n\t\t\t\t<div class=\"elementor-widget-container\">\n\t\t\t<h4 class=\"elementor-heading-title elementor-size-default\">Work packages <\/h4>\t\t<\/div>\n\t\t\t\t<\/div>\n\t\t\t\t<div class=\"elementor-element elementor-element-7b57a20 elementor-widget elementor-widget-text-editor\" data-id=\"7b57a20\" data-element_type=\"widget\" data-settings=\"{&quot;_animation_tablet&quot;:&quot;none&quot;}\" data-widget_type=\"text-editor.default\">\n\t\t\t\t<div class=\"elementor-widget-container\">\n\t\t\t\t\t\t\t<p><span style=\"font-weight: 400;\">Nuestra metodolog\u00eda se basa en un trabajo conjunto entre <\/span><i><span style=\"font-weight: 400;\">work packages<\/span><\/i><span style=\"font-weight: 400;\">. Un <em>work package<\/em>\u00a0consiste en un g<\/span><span style=\"color: var( --e-global-color-text ); font-family: var( --e-global-typography-text-font-family ), Sans-serif; font-size: var( --e-global-typography-text-font-size ); font-style: var( --e-global-typography-text-font-style ); font-weight: var( --e-global-typography-text-font-weight ); letter-spacing: var( --e-global-typography-text-letter-spacing ); text-transform: var( --e-global-typography-text-text-transform ); word-spacing: var( --e-global-typography-text-word-spacing ); background-color: var( --e-global-color-031d206 );\">rupo de participantes de FIRE-ADAPT de una misma especialidad, que avanzan en conocimientos cient\u00edficos y\/o t\u00e9cnicos sobre un tema espec\u00edfico.<\/span><\/p>\t\t\t\t\t\t<\/div>\n\t\t\t\t<\/div>\n\t\t\t\t<div class=\"elementor-element elementor-element-5e68893 elementor-widget elementor-widget-toggle\" data-id=\"5e68893\" data-element_type=\"widget\" data-widget_type=\"toggle.default\">\n\t\t\t\t<div class=\"elementor-widget-container\">\n\t\t\t<style>\/*! elementor - v3.18.0 - 20-12-2023 *\/\n.elementor-toggle{text-align:left}.elementor-toggle .elementor-tab-title{font-weight:700;line-height:1;margin:0;padding:15px;border-bottom:1px solid #d5d8dc;cursor:pointer;outline:none}.elementor-toggle .elementor-tab-title .elementor-toggle-icon{display:inline-block;width:1em}.elementor-toggle .elementor-tab-title .elementor-toggle-icon svg{margin-inline-start:-5px;width:1em;height:1em}.elementor-toggle .elementor-tab-title .elementor-toggle-icon.elementor-toggle-icon-right{float:right;text-align:right}.elementor-toggle .elementor-tab-title .elementor-toggle-icon.elementor-toggle-icon-left{float:left;text-align:left}.elementor-toggle .elementor-tab-title .elementor-toggle-icon .elementor-toggle-icon-closed{display:block}.elementor-toggle .elementor-tab-title .elementor-toggle-icon .elementor-toggle-icon-opened{display:none}.elementor-toggle .elementor-tab-title.elementor-active{border-bottom:none}.elementor-toggle .elementor-tab-title.elementor-active .elementor-toggle-icon-closed{display:none}.elementor-toggle .elementor-tab-title.elementor-active .elementor-toggle-icon-opened{display:block}.elementor-toggle .elementor-tab-content{padding:15px;border-bottom:1px solid #d5d8dc;display:none}@media (max-width:767px){.elementor-toggle .elementor-tab-title{padding:12px}.elementor-toggle .elementor-tab-content{padding:12px 10px}}.e-con-inner>.elementor-widget-toggle,.e-con>.elementor-widget-toggle{width:var(--container-widget-width);--flex-grow:var(--container-widget-flex-grow)}<\/style>\t\t<div class=\"elementor-toggle\">\n\t\t\t\t\t\t\t<div class=\"elementor-toggle-item\">\n\t\t\t\t\t<div id=\"elementor-tab-title-9891\" class=\"elementor-tab-title\" data-tab=\"1\" role=\"button\" aria-controls=\"elementor-tab-content-9891\" aria-expanded=\"false\">\n\t\t\t\t\t\t\t\t\t\t\t\t<span class=\"elementor-toggle-icon elementor-toggle-icon-right\" aria-hidden=\"true\">\n\t\t\t\t\t\t\t\t\t\t\t\t\t\t\t<span class=\"elementor-toggle-icon-closed\"><i class=\"fas fa-caret-right\"><\/i><\/span>\n\t\t\t\t\t\t\t\t<span class=\"elementor-toggle-icon-opened\"><i class=\"elementor-toggle-icon-opened fas fa-caret-up\"><\/i><\/span>\n\t\t\t\t\t\t\t\t\t\t\t\t\t<\/span>\n\t\t\t\t\t\t\t\t\t\t\t\t<a class=\"elementor-toggle-title\" tabindex=\"0\">WP1 - Din\u00e1mica del carbono<\/a>\n\t\t\t\t\t<\/div>\n\n\t\t\t\t\t<div id=\"elementor-tab-content-9891\" class=\"elementor-tab-content elementor-clearfix\" data-tab=\"1\" role=\"region\" aria-labelledby=\"elementor-tab-title-9891\"><p>\u00c1rea especializada que integra m\u00e9todos dirigidos a cuantificar las p\u00e9rdidas y ganancias de carbono en ecosistemas propensos a incendios de regiones tropicales y subtropicales, como resultado de actividades de manejo integral del fuego, y asociadas a compartimentos de vegetaci\u00f3n viva y muerta, como pastos, desechos le\u00f1osos, hojarasca y suelo org\u00e1nico, los cu\u00e1les act\u00faan como combustible para el fuego.\u00a0<\/p><p><strong><b>Col\u00edderes<\/b>:<\/strong><\/p><ul><li><span style=\"font-weight: 400;\">Pere Casals<br \/><\/span><a href=\"https:\/\/ctfc.cat\/\" target=\"_blank\" rel=\"noopener\"><span style=\"font-weight: 400;\">Centre de Ci\u00e8ncia i Tecnologia Forestal de Catalunya<\/span><\/a><span style=\"font-weight: 400;\">, Espa\u00f1a<\/span><\/li><li><span style=\"font-weight: 400;\">Davide Ascoli<br \/><\/span><span style=\"font-weight: 400;\"><a href=\"https:\/\/www.unito.it\/\" target=\"_blank\" rel=\"noopener\">Universit\u00e0 di Torino<\/a>, Italia<\/span><\/li><\/ul><\/div>\n\t\t\t\t<\/div>\n\t\t\t\t\t\t\t<div class=\"elementor-toggle-item\">\n\t\t\t\t\t<div id=\"elementor-tab-title-9892\" class=\"elementor-tab-title\" data-tab=\"2\" role=\"button\" aria-controls=\"elementor-tab-content-9892\" aria-expanded=\"false\">\n\t\t\t\t\t\t\t\t\t\t\t\t<span class=\"elementor-toggle-icon elementor-toggle-icon-right\" aria-hidden=\"true\">\n\t\t\t\t\t\t\t\t\t\t\t\t\t\t\t<span class=\"elementor-toggle-icon-closed\"><i class=\"fas fa-caret-right\"><\/i><\/span>\n\t\t\t\t\t\t\t\t<span class=\"elementor-toggle-icon-opened\"><i class=\"elementor-toggle-icon-opened fas fa-caret-up\"><\/i><\/span>\n\t\t\t\t\t\t\t\t\t\t\t\t\t<\/span>\n\t\t\t\t\t\t\t\t\t\t\t\t<a class=\"elementor-toggle-title\" tabindex=\"0\">WP2 - Conservaci\u00f3n de la biodiversidad<\/a>\n\t\t\t\t\t<\/div>\n\n\t\t\t\t\t<div id=\"elementor-tab-content-9892\" class=\"elementor-tab-content elementor-clearfix\" data-tab=\"2\" role=\"region\" aria-labelledby=\"elementor-tab-title-9892\"><p>\u00c1rea especializada que estudia los efectos del manejo integral del fuego y los incendios forestales en la biodiversidad y el ecosistema, en regiones tropicales y subtropicales. En particular, pretende identificar m\u00e9todos eficientes para monitorear la biodiversidad y reg\u00edmenes de incendios particulares que promuevan la biodiversidad en diferentes biomas, y mejores pr\u00e1cticas de manejo del fuego que beneficien a la biodiversidad y la vida humana.<\/p><p><strong>L\u00edderes:<\/strong><\/p><ul><li><span style=\"font-weight: 400;\">Pere Pons<br \/><\/span><a href=\"https:\/\/www.udg.edu\/ca\/grupsrecerca\/Biologia-Animal\" target=\"_blank\" rel=\"noopener\"><span style=\"font-weight: 400;\">Grup de recerca en Biologia Animal i BioLand<\/span><\/a><span style=\"font-weight: 400;\">, Departament de Ci\u00e8ncies Ambientals, Universitat de Girona, Spain<\/span><\/li><li>Tristan Charles-Dominique<br \/><a href=\"https:\/\/iees-paris.fr\/en\/\" target=\"_blank\" rel=\"noopener\">Institut d&#8217;\u00e9cologie et des sciences de l&#8217;environnement de Paris<\/a>, Sorbonne Universit\u00e9, France<\/li><\/ul><\/div>\n\t\t\t\t<\/div>\n\t\t\t\t\t\t\t<div class=\"elementor-toggle-item\">\n\t\t\t\t\t<div id=\"elementor-tab-title-9893\" class=\"elementor-tab-title\" data-tab=\"3\" role=\"button\" aria-controls=\"elementor-tab-content-9893\" aria-expanded=\"false\">\n\t\t\t\t\t\t\t\t\t\t\t\t<span class=\"elementor-toggle-icon elementor-toggle-icon-right\" aria-hidden=\"true\">\n\t\t\t\t\t\t\t\t\t\t\t\t\t\t\t<span class=\"elementor-toggle-icon-closed\"><i class=\"fas fa-caret-right\"><\/i><\/span>\n\t\t\t\t\t\t\t\t<span class=\"elementor-toggle-icon-opened\"><i class=\"elementor-toggle-icon-opened fas fa-caret-up\"><\/i><\/span>\n\t\t\t\t\t\t\t\t\t\t\t\t\t<\/span>\n\t\t\t\t\t\t\t\t\t\t\t\t<a class=\"elementor-toggle-title\" tabindex=\"0\">WP3 - Servicios (inter)culturales y bienestar humano<\/a>\n\t\t\t\t\t<\/div>\n\n\t\t\t\t\t<div id=\"elementor-tab-content-9893\" class=\"elementor-tab-content elementor-clearfix\" data-tab=\"3\" role=\"region\" aria-labelledby=\"elementor-tab-title-9893\"><p>\u00c1rea especializada que se centra en la formulaci\u00f3n, promoci\u00f3n e implementaci\u00f3n de pr\u00e1cticas y\/o pol\u00edticas p\u00fablicas de Manejo Integral del Fuego (MIF) a trav\u00e9s de la habilitaci\u00f3n de una visi\u00f3n intercultural y participativa basada en la interacci\u00f3n de actores y sectores, y las experiencias adquiridas a lo largo del proyecto que se comparten a trav\u00e9s de dos temas principales: la construcci\u00f3n de asociaciones colaborativas e interculturales de MIF, y el conocimiento y las percepciones culturales sobre los incendios en el paisaje.<\/p><p><strong>L\u00edderes:<\/strong><\/p><ul><li><p><span style=\"font-weight: 400;\">Bibiana Bilbao<br \/><\/span><a href=\"https:\/\/cobracollective.org\/\" target=\"_blank\" rel=\"noopener\">Cobra Collective CIC<\/a>,\u00a0<span style=\"font-weight: 400;\">Reino Unido<\/span><\/p><\/li><li><p><span style=\"font-weight: 400;\">Rachel Carmenta<br \/><\/span><a href=\"https:\/\/www.uea.ac.uk\/about\/school-of-international-development\" target=\"_blank\" rel=\"noopener\">School of International Development<\/a> and <a href=\"https:\/\/tyndall.ac.uk\/\" target=\"_blank\" rel=\"noopener\">Tyndall Centre for Climate Change<\/a>, University of East Anglia, <span style=\"font-weight: 400;\">Reino Unido<\/span><\/p><\/li><\/ul><\/div>\n\t\t\t\t<\/div>\n\t\t\t\t\t\t\t<div class=\"elementor-toggle-item\">\n\t\t\t\t\t<div id=\"elementor-tab-title-9894\" class=\"elementor-tab-title\" data-tab=\"4\" role=\"button\" aria-controls=\"elementor-tab-content-9894\" aria-expanded=\"false\">\n\t\t\t\t\t\t\t\t\t\t\t\t<span class=\"elementor-toggle-icon elementor-toggle-icon-right\" aria-hidden=\"true\">\n\t\t\t\t\t\t\t\t\t\t\t\t\t\t\t<span class=\"elementor-toggle-icon-closed\"><i class=\"fas fa-caret-right\"><\/i><\/span>\n\t\t\t\t\t\t\t\t<span class=\"elementor-toggle-icon-opened\"><i class=\"elementor-toggle-icon-opened fas fa-caret-up\"><\/i><\/span>\n\t\t\t\t\t\t\t\t\t\t\t\t\t<\/span>\n\t\t\t\t\t\t\t\t\t\t\t\t<a class=\"elementor-toggle-title\" tabindex=\"0\">WP4 - Modelizaci\u00f3n y pron\u00f3stico<\/a>\n\t\t\t\t\t<\/div>\n\n\t\t\t\t\t<div id=\"elementor-tab-content-9894\" class=\"elementor-tab-content elementor-clearfix\" data-tab=\"4\" role=\"region\" aria-labelledby=\"elementor-tab-title-9894\"><p>\u00c1rea especializada que estudia la eficacia del manejo integral del fuego en la prestaci\u00f3n de servicios ecosist\u00e9micos y la mitigaci\u00f3n del riesgo de incendios forestales utilizando enfoques de modelizaci\u00f3n y teledetecci\u00f3n.<\/p><p><strong>Col\u00edderes:<\/strong><\/p><ul><li><p><span style=\"font-weight: 400;\">Florent Mouillot<br \/><\/span><a href=\"https:\/\/www.cefe.cnrs.fr\/fr\/\" target=\"_blank\" rel=\"noopener\"><span style=\"font-weight: 400;\">Centre d&#8217;Ecologie Fonctionnelle et Evolutive<\/span><\/a><span style=\"font-weight: 400;\">, Institut de Recherche pour le D\u00e9veloppement, Francia<\/span><\/p><\/li><li><span style=\"font-weight: 400;\">Michele Salis<br \/><\/span><span style=\"font-weight: 400;\"><a href=\"https:\/\/www.ibe.cnr.it\/\" target=\"_blank\" rel=\"noopener\">Consiglio Nazionale delle Ricerche \u2013 Istituto per la BioEconomia<\/a>, Italia<\/span><\/li><\/ul><\/div>\n\t\t\t\t<\/div>\n\t\t\t\t\t\t\t<div class=\"elementor-toggle-item\">\n\t\t\t\t\t<div id=\"elementor-tab-title-9895\" class=\"elementor-tab-title\" data-tab=\"5\" role=\"button\" aria-controls=\"elementor-tab-content-9895\" aria-expanded=\"false\">\n\t\t\t\t\t\t\t\t\t\t\t\t<span class=\"elementor-toggle-icon elementor-toggle-icon-right\" aria-hidden=\"true\">\n\t\t\t\t\t\t\t\t\t\t\t\t\t\t\t<span class=\"elementor-toggle-icon-closed\"><i class=\"fas fa-caret-right\"><\/i><\/span>\n\t\t\t\t\t\t\t\t<span class=\"elementor-toggle-icon-opened\"><i class=\"elementor-toggle-icon-opened fas fa-caret-up\"><\/i><\/span>\n\t\t\t\t\t\t\t\t\t\t\t\t\t<\/span>\n\t\t\t\t\t\t\t\t\t\t\t\t<a class=\"elementor-toggle-title\" tabindex=\"0\">WP5 - Manejo integral del fuego como un enfoque de adaptaci\u00f3n al cambio clim\u00e1tico  <\/a>\n\t\t\t\t\t<\/div>\n\n\t\t\t\t\t<div id=\"elementor-tab-content-9895\" class=\"elementor-tab-content elementor-clearfix\" data-tab=\"5\" role=\"region\" aria-labelledby=\"elementor-tab-title-9895\"><p>\u00c1rea especializada que combina la experiencia en torno a temas transversales que son relevantes para la investigaci\u00f3n y la integraci\u00f3n del conocimiento entre las ciencias naturales, sociales y del sistema de la Tierra, entre sectores (acad\u00e9micos y no acad\u00e9micos) y entre socios de FIRE-ADAPT con diversas audiencias, incluyendo comunidades acad\u00e9micas, pol\u00edticas y ciudadanas m\u00e1s amplias, y el p\u00fablico en general.<\/p><p><strong>L\u00edder:<\/strong><\/p><ul><li><p><span style=\"font-weight: 400;\">Imma Oliveras<br \/><\/span><a href=\"https:\/\/amap.cirad.fr\/fr\/index.php\" target=\"_blank\" rel=\"noopener\"><span style=\"font-weight: 400;\">botAnique et Mod\u00e9lisation de l&#8217;Architecture des Plantes et des v\u00e9g\u00e9tations<\/span><\/a><span style=\"font-weight: 400;\">, Institut de Recherche pour le D\u00e9veloppement, Francia<\/span><\/p><\/li><\/ul><\/div>\n\t\t\t\t<\/div>\n\t\t\t\t\t\t\t<div class=\"elementor-toggle-item\">\n\t\t\t\t\t<div id=\"elementor-tab-title-9896\" class=\"elementor-tab-title\" data-tab=\"6\" role=\"button\" aria-controls=\"elementor-tab-content-9896\" aria-expanded=\"false\">\n\t\t\t\t\t\t\t\t\t\t\t\t<span class=\"elementor-toggle-icon elementor-toggle-icon-right\" aria-hidden=\"true\">\n\t\t\t\t\t\t\t\t\t\t\t\t\t\t\t<span class=\"elementor-toggle-icon-closed\"><i class=\"fas fa-caret-right\"><\/i><\/span>\n\t\t\t\t\t\t\t\t<span class=\"elementor-toggle-icon-opened\"><i class=\"elementor-toggle-icon-opened fas fa-caret-up\"><\/i><\/span>\n\t\t\t\t\t\t\t\t\t\t\t\t\t<\/span>\n\t\t\t\t\t\t\t\t\t\t\t\t<a class=\"elementor-toggle-title\" tabindex=\"0\">WP6 - Comunicaci\u00f3n y divulgaci\u00f3n<\/a>\n\t\t\t\t\t<\/div>\n\n\t\t\t\t\t<div id=\"elementor-tab-content-9896\" class=\"elementor-tab-content elementor-clearfix\" data-tab=\"6\" role=\"region\" aria-labelledby=\"elementor-tab-title-9896\"><p>\u00c1rea que coordina las acciones de difusi\u00f3n, comunicaci\u00f3n, divulgaci\u00f3n y explotaci\u00f3n para asegurar el impacto de los resultados de FIRE-ADAPT.<\/p><p><strong>L\u00edder:<\/strong><\/p><ul><li><p><span style=\"font-weight: 400;\">Luc\u00eda de la Riva<br \/><\/span><a href=\"https:\/\/www.paucostafoundation.org\/en\/\" target=\"_blank\" rel=\"noopener\"><span style=\"font-weight: 400;\">Fundaci\u00f3n Pau Costa<\/span><\/a><span style=\"font-weight: 400;\">, Espa\u00f1a<\/span><\/p><\/li><\/ul><\/div>\n\t\t\t\t<\/div>\n\t\t\t\t\t\t\t<div class=\"elementor-toggle-item\">\n\t\t\t\t\t<div id=\"elementor-tab-title-9897\" class=\"elementor-tab-title\" data-tab=\"7\" role=\"button\" aria-controls=\"elementor-tab-content-9897\" aria-expanded=\"false\">\n\t\t\t\t\t\t\t\t\t\t\t\t<span class=\"elementor-toggle-icon elementor-toggle-icon-right\" aria-hidden=\"true\">\n\t\t\t\t\t\t\t\t\t\t\t\t\t\t\t<span class=\"elementor-toggle-icon-closed\"><i class=\"fas fa-caret-right\"><\/i><\/span>\n\t\t\t\t\t\t\t\t<span class=\"elementor-toggle-icon-opened\"><i class=\"elementor-toggle-icon-opened fas fa-caret-up\"><\/i><\/span>\n\t\t\t\t\t\t\t\t\t\t\t\t\t<\/span>\n\t\t\t\t\t\t\t\t\t\t\t\t<a class=\"elementor-toggle-title\" tabindex=\"0\">WP7 - Coordinaci\u00f3n del proyecto<\/a>\n\t\t\t\t\t<\/div>\n\n\t\t\t\t\t<div id=\"elementor-tab-content-9897\" class=\"elementor-tab-content elementor-clearfix\" data-tab=\"7\" role=\"region\" aria-labelledby=\"elementor-tab-title-9897\"><p><span style=\"font-weight: 400;\">\u00c1rea que brinda apoyo al consorcio para implementar eficientemente el proyecto; comunicarse con la UE y proporcionar los informes apropiados; y garantizar la mejor implementaci\u00f3n posible del proyecto teniendo en cuenta la gesti\u00f3n de datos y la \u00e9tica.<\/span><\/p><p><strong>L\u00edder:<\/strong><\/p><ul><li><p><span style=\"font-weight: 400;\">N\u00faria Prat<br \/><\/span><a href=\"https:\/\/www.paucostafoundation.org\/en\/\" target=\"_blank\" rel=\"noopener\"><span style=\"font-weight: 400;\">Fundaci\u00f3n Pau Costa<\/span><\/a><span style=\"font-weight: 400;\">, Espa\u00f1a<\/span><\/p><\/li><\/ul><\/div>\n\t\t\t\t<\/div>\n\t\t\t\t\t\t\t\t<\/div>\n\t\t\t\t<\/div>\n\t\t\t\t<\/div>\n\t\t\t\t\t<\/div>\n\t\t<\/div>\n\t\t\t\t\t\t\t<\/div>\n\t\t<\/section>\n\t\t\t\t\t<\/div>\n\t\t<\/div>\n\t\t\t\t\t\t\t<\/div>\n\t\t<\/section>\n\t\t\t\t\t\t\t<\/div>\n\t\t","protected":false},"excerpt":{"rendered":"<p>FIRE-ADAPT es un proyecto financiado por el programa Marie Sk\u0142odowska-Curie Actions Staff Exchanges 2021 dentro del programa de financiaci\u00f3n Horizon Europe de la Uni\u00f3n Europea (HORIZON-MSCA-2021-SE).\u00a0 N\u00famero de proyecto: 101086416. Duraci\u00f3n 1 enero 2023 a 31 diciembre 2026 Coordinadora del proyecto N\u00faria Prat, Fundaci\u00f3n Pau Costa, Espa\u00f1a Coodinadora cient\u00edfica Imma Oliveras, botAnique et Mod\u00e9lisation de [&hellip;]<\/p>\n","protected":false},"author":1,"featured_media":0,"parent":0,"menu_order":0,"comment_status":"closed","ping_status":"closed","template":"elementor_header_footer","meta":{"footnotes":""},"class_list":["post-264","page","type-page","status-publish","hentry"],"_links":{"self":[{"href":"https:\/\/www.fireadapt.eu\/es\/wp-json\/wp\/v2\/pages\/264","targetHints":{"allow":["GET"]}}],"collection":[{"href":"https:\/\/www.fireadapt.eu\/es\/wp-json\/wp\/v2\/pages"}],"about":[{"href":"https:\/\/www.fireadapt.eu\/es\/wp-json\/wp\/v2\/types\/page"}],"author":[{"embeddable":true,"href":"https:\/\/www.fireadapt.eu\/es\/wp-json\/wp\/v2\/users\/1"}],"replies":[{"embeddable":true,"href":"https:\/\/www.fireadapt.eu\/es\/wp-json\/wp\/v2\/comments?post=264"}],"version-history":[{"count":143,"href":"https:\/\/www.fireadapt.eu\/es\/wp-json\/wp\/v2\/pages\/264\/revisions"}],"predecessor-version":[{"id":4393,"href":"https:\/\/www.fireadapt.eu\/es\/wp-json\/wp\/v2\/pages\/264\/revisions\/4393"}],"wp:attachment":[{"href":"https:\/\/www.fireadapt.eu\/es\/wp-json\/wp\/v2\/media?parent=264"}],"curies":[{"name":"wp","href":"https:\/\/api.w.org\/{rel}","templated":true}]}}